{"id":15047,"date":"2016-03-11T11:24:51","date_gmt":"2016-03-11T10:24:51","guid":{"rendered":"http:\/\/www.allemanometrology.com\/wp\/?page_id=15047"},"modified":"2025-10-06T17:56:55","modified_gmt":"2025-10-06T15:56:55","slug":"velocita-dell-aria","status":"publish","type":"page","link":"https:\/\/www.allemanometrology.com\/wp\/velocita-dell-aria\/","title":{"rendered":"Velocit\u00e0 dell\\\\\\&#8217;aria"},"content":{"rendered":"<div class=\"wpb-content-wrapper\"><p>[vc_row][vc_column width=&#8221;1\/2&#8243;][vc_single_image image=&#8221;15455&#8243; img_size=&#8221;full&#8221; style=&#8221;vc_box_shadow_3d&#8221; lazy_loading=&#8221;true&#8221;][\/vc_column][vc_column width=&#8221;1\/2&#8243;][vc_column_text css=&#8221;&#8221;]<a class=\"dt-pswp-item\" href=\"https:\/\/www.allemanometrology.com\/wp\/wp-content\/uploads\/2025\/10\/accredia-CMYK-marchi-CABs-calibration-1.png\" data-dt-img-description=\"\" data-large_image_width=\"3100\" data-large_image_height=\"3100\"><img loading=\"lazy\" decoding=\"async\" class=\"alignnone wp-image-16580\" src=\"https:\/\/www.allemanometrology.com\/wp\/wp-content\/uploads\/2025\/10\/accredia-CMYK-marchi-CABs-calibration-1-300x300.png\" alt=\"\" width=\"231\" height=\"231\" srcset=\"https:\/\/www.allemanometrology.com\/wp\/wp-content\/uploads\/2025\/10\/accredia-CMYK-marchi-CABs-calibration-1-300x300.png 300w, https:\/\/www.allemanometrology.com\/wp\/wp-content\/uploads\/2025\/10\/accredia-CMYK-marchi-CABs-calibration-1-1024x1024.png 1024w, https:\/\/www.allemanometrology.com\/wp\/wp-content\/uploads\/2025\/10\/accredia-CMYK-marchi-CABs-calibration-1-150x150.png 150w, https:\/\/www.allemanometrology.com\/wp\/wp-content\/uploads\/2025\/10\/accredia-CMYK-marchi-CABs-calibration-1-768x768.png 768w, https:\/\/www.allemanometrology.com\/wp\/wp-content\/uploads\/2025\/10\/accredia-CMYK-marchi-CABs-calibration-1-1536x1536.png 1536w, https:\/\/www.allemanometrology.com\/wp\/wp-content\/uploads\/2025\/10\/accredia-CMYK-marchi-CABs-calibration-1-2048x2048.png 2048w\" sizes=\"auto, (max-width: 231px) 100vw, 231px\" \/><\/a><\/p>\n<p>La misura della velocit\u00e0 dell&#8217;aria risulta fondamentale in molti processi produttivi e perizie tecniche. Avvalersi di uno strumento certificato \u00e8 fondamentale per dare valenza ai dati misurati.<\/p>\n<p>Il laboratorio di <strong>anemometria<\/strong> del Centro 00249LAT \u00e8 accreditato secondo la norma <strong>UNI CEI EN ISO\/IEC 17025:2018 <\/strong>e garantisce la riferibilit\u00e0 metrologica ai campioni nazionali.<\/p>\n<p>La nostra galleria del vento, progettata interamente da Allemano metrology, garantisce uniformit\u00e0 e stabilit\u00e0 del flusso dell&#8217;aria il che ci permette di tarare anemometri con qualunque sensore di misura nel campo (1&#8230;40)m\/s.<\/p>\n<h4>Incertezze di taratura <strong>(*)<\/strong><\/h4>\n<ul>\n<li>(1,0 &#8211; 1,2)m\/s \u00a08%<\/li>\n<li>(1,2 &#8211; 1,5)m\/s \u00a06%<\/li>\n<li>(1,5 &#8211; 2)m\/s \u00a0 \u00a0\u00a04%<\/li>\n<li>(2 &#8211; 3)m\/s \u00a0 \u00a0 \u00a0 \u00a03%<\/li>\n<li>(3 &#8211; 5)m\/s \u00a0 \u00a0 \u00a0 \u00a02%<\/li>\n<li>(5 &#8211; 40)m\/s \u00a0 1,8%<\/li>\n<\/ul>\n<p>Inoltre il laboratorio pu\u00f2 determinare la <strong>costante caratteristica K<\/strong> dei tubi di Pitot, Darcy,\u00a0Prandtl e G\u00f6the, fondamentale per il calcolo della velocit\u00e0 dell&#8217;aria a partire da misure di pressione.<\/p>\n<h6>(*) L\u2019incertezza di misura \u00e8 espressa al livello di fiducia del 95 %<\/h6>\n<p><a href=\"https:\/\/services.accredia.it\/ppadt\/download_file.jsp?fileall=157Trev15ALL_DT.pdf&amp;codente=3125\" target=\"_blank\" rel=\"noopener\"><strong>Tabella di accreditamento<\/strong><\/a>[\/vc_column_text][\/vc_column][\/vc_row]<\/p>\n<\/div>","protected":false},"excerpt":{"rendered":"<p>[vc_row][vc_column width=&#8221;1\/2&#8243;][vc_single_image image=&#8221;15455&#8243; img_size=&#8221;full&#8221; style=&#8221;vc_box_shadow_3d&#8221; lazy_loading=&#8221;true&#8221;][\/vc_column][vc_column width=&#8221;1\/2&#8243;][vc_column_text css=&#8221;&#8221;] La misura della velocit\u00e0 dell&#8217;aria risulta fondamentale in molti processi produttivi e perizie tecniche. Avvalersi di uno strumento certificato \u00e8 fondamentale per dare valenza ai dati misurati. Il laboratorio di anemometria del Centro 00249LAT \u00e8 accreditato secondo la norma UNI CEI EN ISO\/IEC 17025:2018 e garantisce la&hellip;<\/p>\n","protected":false},"author":1,"featured_media":14804,"parent":0,"menu_order":20,"comment_status":"closed","ping_status":"closed","template":"","meta":{"_monsterinsights_skip_tracking":false,"_monsterinsights_sitenote_active":false,"_monsterinsights_sitenote_note":"","_monsterinsights_sitenote_category":0,"footnotes":""},"class_list":["post-15047","page","type-page","status-publish","has-post-thumbnail","hentry","description-off"],"yoast_head":"<!-- This site is optimized with the Yoast SEO plugin v26.8 - https:\/\/yoast.com\/product\/yoast-seo-wordpress\/ -->\n<title>Certificati ACCREDIA di velocit\u00e0 aria - Allemano metrology S.r.l.<\/title>\n<meta name=\"description\" content=\"% velocit\u00e0 dell&#039;aria del Centro LAT N. 157 pu\u00f2 certificare anemometri determinare il fattore K dei tubi di Pitot\" \/>\n<meta name=\"robots\" content=\"index, follow, max-snippet:-1, max-image-preview:large, max-video-preview:-1\" \/>\n<link rel=\"canonical\" href=\"https:\/\/www.allemanometrology.com\/wp\/velocita-dell-aria\/\" \/>\n<meta property=\"og:locale\" content=\"it_IT\" \/>\n<meta property=\"og:type\" content=\"article\" \/>\n<meta property=\"og:title\" content=\"Certificati ACCREDIA di velocit\u00e0 aria - Allemano metrology S.r.l.\" \/>\n<meta property=\"og:description\" content=\"% velocit\u00e0 dell&#039;aria del Centro LAT N. 157 pu\u00f2 certificare anemometri determinare il fattore K dei tubi di Pitot\" \/>\n<meta property=\"og:url\" content=\"https:\/\/www.allemanometrology.com\/wp\/velocita-dell-aria\/\" \/>\n<meta property=\"og:site_name\" content=\"Allemano Metrology\" \/>\n<meta property=\"article:publisher\" content=\"https:\/\/www.facebook.com\/Allemanometrology\" \/>\n<meta property=\"article:modified_time\" content=\"2025-10-06T15:56:55+00:00\" \/>\n<meta property=\"og:image\" content=\"https:\/\/www.allemanometrology.com\/wp\/wp-content\/uploads\/2015\/12\/Lab_1.jpg\" \/>\n\t<meta property=\"og:image:width\" content=\"600\" \/>\n\t<meta property=\"og:image:height\" content=\"353\" \/>\n\t<meta property=\"og:image:type\" content=\"image\/jpeg\" \/>\n<meta name=\"twitter:card\" content=\"summary_large_image\" \/>\n<meta name=\"twitter:site\" content=\"@allemanom\" \/>\n<meta name=\"twitter:label1\" content=\"Tempo di lettura stimato\" \/>\n\t<meta name=\"twitter:data1\" content=\"2 minuti\" \/>\n<script type=\"application\/ld+json\" class=\"yoast-schema-graph\">{\"@context\":\"https:\/\/schema.org\",\"@graph\":[{\"@type\":\"WebPage\",\"@id\":\"https:\/\/www.allemanometrology.com\/wp\/velocita-dell-aria\/\",\"url\":\"https:\/\/www.allemanometrology.com\/wp\/velocita-dell-aria\/\",\"name\":\"Certificati ACCREDIA di velocit\u00e0 aria - Allemano metrology S.r.l.\",\"isPartOf\":{\"@id\":\"https:\/\/www.allemanometrology.com\/wp\/#website\"},\"primaryImageOfPage\":{\"@id\":\"https:\/\/www.allemanometrology.com\/wp\/velocita-dell-aria\/#primaryimage\"},\"image\":{\"@id\":\"https:\/\/www.allemanometrology.com\/wp\/velocita-dell-aria\/#primaryimage\"},\"thumbnailUrl\":\"https:\/\/www.allemanometrology.com\/wp\/wp-content\/uploads\/2015\/12\/Lab_1.jpg\",\"datePublished\":\"2016-03-11T10:24:51+00:00\",\"dateModified\":\"2025-10-06T15:56:55+00:00\",\"description\":\"% velocit\u00e0 dell'aria del Centro LAT N. 157 pu\u00f2 certificare anemometri determinare il fattore K dei tubi di Pitot\",\"breadcrumb\":{\"@id\":\"https:\/\/www.allemanometrology.com\/wp\/velocita-dell-aria\/#breadcrumb\"},\"inLanguage\":\"it-IT\",\"potentialAction\":[{\"@type\":\"ReadAction\",\"target\":[\"https:\/\/www.allemanometrology.com\/wp\/velocita-dell-aria\/\"]}]},{\"@type\":\"ImageObject\",\"inLanguage\":\"it-IT\",\"@id\":\"https:\/\/www.allemanometrology.com\/wp\/velocita-dell-aria\/#primaryimage\",\"url\":\"https:\/\/www.allemanometrology.com\/wp\/wp-content\/uploads\/2015\/12\/Lab_1.jpg\",\"contentUrl\":\"https:\/\/www.allemanometrology.com\/wp\/wp-content\/uploads\/2015\/12\/Lab_1.jpg\",\"width\":600,\"height\":353,\"caption\":\"velocit\u00e0 dell'aria\"},{\"@type\":\"BreadcrumbList\",\"@id\":\"https:\/\/www.allemanometrology.com\/wp\/velocita-dell-aria\/#breadcrumb\",\"itemListElement\":[{\"@type\":\"ListItem\",\"position\":1,\"name\":\"Home\",\"item\":\"https:\/\/www.allemanometrology.com\/wp\/\"},{\"@type\":\"ListItem\",\"position\":2,\"name\":\"Velocit\u00e0 dell\\\\\\\\\\\\&#8217;aria\"}]},{\"@type\":\"WebSite\",\"@id\":\"https:\/\/www.allemanometrology.com\/wp\/#website\",\"url\":\"https:\/\/www.allemanometrology.com\/wp\/\",\"name\":\"Allemano Metrology\",\"description\":\"L&#039;unica originale Allemano Metrology\",\"publisher\":{\"@id\":\"https:\/\/www.allemanometrology.com\/wp\/#organization\"},\"potentialAction\":[{\"@type\":\"SearchAction\",\"target\":{\"@type\":\"EntryPoint\",\"urlTemplate\":\"https:\/\/www.allemanometrology.com\/wp\/?s={search_term_string}\"},\"query-input\":{\"@type\":\"PropertyValueSpecification\",\"valueRequired\":true,\"valueName\":\"search_term_string\"}}],\"inLanguage\":\"it-IT\"},{\"@type\":\"Organization\",\"@id\":\"https:\/\/www.allemanometrology.com\/wp\/#organization\",\"name\":\"Allemano Metrology S.r.l.\",\"url\":\"https:\/\/www.allemanometrology.com\/wp\/\",\"logo\":{\"@type\":\"ImageObject\",\"inLanguage\":\"it-IT\",\"@id\":\"https:\/\/www.allemanometrology.com\/wp\/#\/schema\/logo\/image\/\",\"url\":\"https:\/\/www.allemanometrology.com\/wp\/wp-content\/uploads\/2015\/12\/Logo_200x127.png\",\"contentUrl\":\"https:\/\/www.allemanometrology.com\/wp\/wp-content\/uploads\/2015\/12\/Logo_200x127.png\",\"width\":200,\"height\":127,\"caption\":\"Allemano Metrology S.r.l.\"},\"image\":{\"@id\":\"https:\/\/www.allemanometrology.com\/wp\/#\/schema\/logo\/image\/\"},\"sameAs\":[\"https:\/\/www.facebook.com\/Allemanometrology\",\"https:\/\/x.com\/allemanom\"]}]}<\/script>\n<!-- \/ Yoast SEO plugin. -->","yoast_head_json":{"title":"Certificati ACCREDIA di velocit\u00e0 aria - Allemano metrology S.r.l.","description":"% velocit\u00e0 dell'aria del Centro LAT N. 157 pu\u00f2 certificare anemometri determinare il fattore K dei tubi di Pitot","robots":{"index":"index","follow":"follow","max-snippet":"max-snippet:-1","max-image-preview":"max-image-preview:large","max-video-preview":"max-video-preview:-1"},"canonical":"https:\/\/www.allemanometrology.com\/wp\/velocita-dell-aria\/","og_locale":"it_IT","og_type":"article","og_title":"Certificati ACCREDIA di velocit\u00e0 aria - Allemano metrology S.r.l.","og_description":"% velocit\u00e0 dell'aria del Centro LAT N. 157 pu\u00f2 certificare anemometri determinare il fattore K dei tubi di Pitot","og_url":"https:\/\/www.allemanometrology.com\/wp\/velocita-dell-aria\/","og_site_name":"Allemano Metrology","article_publisher":"https:\/\/www.facebook.com\/Allemanometrology","article_modified_time":"2025-10-06T15:56:55+00:00","og_image":[{"width":600,"height":353,"url":"https:\/\/www.allemanometrology.com\/wp\/wp-content\/uploads\/2015\/12\/Lab_1.jpg","type":"image\/jpeg"}],"twitter_card":"summary_large_image","twitter_site":"@allemanom","twitter_misc":{"Tempo di lettura stimato":"2 minuti"},"schema":{"@context":"https:\/\/schema.org","@graph":[{"@type":"WebPage","@id":"https:\/\/www.allemanometrology.com\/wp\/velocita-dell-aria\/","url":"https:\/\/www.allemanometrology.com\/wp\/velocita-dell-aria\/","name":"Certificati ACCREDIA di velocit\u00e0 aria - Allemano metrology S.r.l.","isPartOf":{"@id":"https:\/\/www.allemanometrology.com\/wp\/#website"},"primaryImageOfPage":{"@id":"https:\/\/www.allemanometrology.com\/wp\/velocita-dell-aria\/#primaryimage"},"image":{"@id":"https:\/\/www.allemanometrology.com\/wp\/velocita-dell-aria\/#primaryimage"},"thumbnailUrl":"https:\/\/www.allemanometrology.com\/wp\/wp-content\/uploads\/2015\/12\/Lab_1.jpg","datePublished":"2016-03-11T10:24:51+00:00","dateModified":"2025-10-06T15:56:55+00:00","description":"% velocit\u00e0 dell'aria del Centro LAT N. 157 pu\u00f2 certificare anemometri determinare il fattore K dei tubi di Pitot","breadcrumb":{"@id":"https:\/\/www.allemanometrology.com\/wp\/velocita-dell-aria\/#breadcrumb"},"inLanguage":"it-IT","potentialAction":[{"@type":"ReadAction","target":["https:\/\/www.allemanometrology.com\/wp\/velocita-dell-aria\/"]}]},{"@type":"ImageObject","inLanguage":"it-IT","@id":"https:\/\/www.allemanometrology.com\/wp\/velocita-dell-aria\/#primaryimage","url":"https:\/\/www.allemanometrology.com\/wp\/wp-content\/uploads\/2015\/12\/Lab_1.jpg","contentUrl":"https:\/\/www.allemanometrology.com\/wp\/wp-content\/uploads\/2015\/12\/Lab_1.jpg","width":600,"height":353,"caption":"velocit\u00e0 dell'aria"},{"@type":"BreadcrumbList","@id":"https:\/\/www.allemanometrology.com\/wp\/velocita-dell-aria\/#breadcrumb","itemListElement":[{"@type":"ListItem","position":1,"name":"Home","item":"https:\/\/www.allemanometrology.com\/wp\/"},{"@type":"ListItem","position":2,"name":"Velocit\u00e0 dell\\\\\\&#8217;aria"}]},{"@type":"WebSite","@id":"https:\/\/www.allemanometrology.com\/wp\/#website","url":"https:\/\/www.allemanometrology.com\/wp\/","name":"Allemano Metrology","description":"L&#039;unica originale Allemano Metrology","publisher":{"@id":"https:\/\/www.allemanometrology.com\/wp\/#organization"},"potentialAction":[{"@type":"SearchAction","target":{"@type":"EntryPoint","urlTemplate":"https:\/\/www.allemanometrology.com\/wp\/?s={search_term_string}"},"query-input":{"@type":"PropertyValueSpecification","valueRequired":true,"valueName":"search_term_string"}}],"inLanguage":"it-IT"},{"@type":"Organization","@id":"https:\/\/www.allemanometrology.com\/wp\/#organization","name":"Allemano Metrology S.r.l.","url":"https:\/\/www.allemanometrology.com\/wp\/","logo":{"@type":"ImageObject","inLanguage":"it-IT","@id":"https:\/\/www.allemanometrology.com\/wp\/#\/schema\/logo\/image\/","url":"https:\/\/www.allemanometrology.com\/wp\/wp-content\/uploads\/2015\/12\/Logo_200x127.png","contentUrl":"https:\/\/www.allemanometrology.com\/wp\/wp-content\/uploads\/2015\/12\/Logo_200x127.png","width":200,"height":127,"caption":"Allemano Metrology S.r.l."},"image":{"@id":"https:\/\/www.allemanometrology.com\/wp\/#\/schema\/logo\/image\/"},"sameAs":["https:\/\/www.facebook.com\/Allemanometrology","https:\/\/x.com\/allemanom"]}]}},"jetpack_sharing_enabled":true,"_links":{"self":[{"href":"https:\/\/www.allemanometrology.com\/wp\/wp-json\/wp\/v2\/pages\/15047","targetHints":{"allow":["GET"]}}],"collection":[{"href":"https:\/\/www.allemanometrology.com\/wp\/wp-json\/wp\/v2\/pages"}],"about":[{"href":"https:\/\/www.allemanometrology.com\/wp\/wp-json\/wp\/v2\/types\/page"}],"author":[{"embeddable":true,"href":"https:\/\/www.allemanometrology.com\/wp\/wp-json\/wp\/v2\/users\/1"}],"replies":[{"embeddable":true,"href":"https:\/\/www.allemanometrology.com\/wp\/wp-json\/wp\/v2\/comments?post=15047"}],"version-history":[{"count":2,"href":"https:\/\/www.allemanometrology.com\/wp\/wp-json\/wp\/v2\/pages\/15047\/revisions"}],"predecessor-version":[{"id":16585,"href":"https:\/\/www.allemanometrology.com\/wp\/wp-json\/wp\/v2\/pages\/15047\/revisions\/16585"}],"wp:featuredmedia":[{"embeddable":true,"href":"https:\/\/www.allemanometrology.com\/wp\/wp-json\/wp\/v2\/media\/14804"}],"wp:attachment":[{"href":"https:\/\/www.allemanometrology.com\/wp\/wp-json\/wp\/v2\/media?parent=15047"}],"curies":[{"name":"wp","href":"https:\/\/api.w.org\/{rel}","templated":true}]}}